{"id":1131,"date":"2022-06-14T23:38:36","date_gmt":"2022-06-14T20:38:36","guid":{"rendered":"https:\/\/www.rentacarthessalonikiairport.com\/profil\/"},"modified":"2024-11-17T14:21:57","modified_gmt":"2024-11-17T12:21:57","slug":"profil","status":"publish","type":"page","link":"https:\/\/www.rentacarthessalonikiairport.com\/de\/profil\/","title":{"rendered":"PROFIL"},"content":{"rendered":"<div id='full_slider_1'  class='avia-fullwidth-slider main_color avia-shadow   avia-builder-el-0  el_before_av_one_half  avia-builder-el-first   container_wrap fullsize'  ><div  class='avia-slideshow av-l4emmpxq-8e12f178a0e5dced7276405a3a368718 avia-slideshow-no scaling av_slideshow_full avia-slide-slider av-slideshow-ui av-control-hidden av-no-slider-navigation av-hide-nav-arrows av-slideshow-manual av-loop-once av-loop-manual-endless av-default-height-applied   avia-slideshow-1' data-slideshow-options=\"{&quot;animation&quot;:&quot;slide&quot;,&quot;autoplay&quot;:false,&quot;loop_autoplay&quot;:&quot;once&quot;,&quot;interval&quot;:5,&quot;loop_manual&quot;:&quot;manual-endless&quot;,&quot;autoplay_stopper&quot;:false,&quot;noNavigation&quot;:true,&quot;bg_slider&quot;:false,&quot;keep_padding&quot;:false,&quot;hoverpause&quot;:false,&quot;show_slide_delay&quot;:0}\"  itemprop=\"image\" itemscope=\"itemscope\" itemtype=\"https:\/\/schema.org\/ImageObject\" ><ul class='avia-slideshow-inner ' style='padding-bottom: 26.041666666667%;'><li  class='avia-slideshow-slide av-l4emmpxq-8e12f178a0e5dced7276405a3a368718__0  av-single-slide slide-1 slide-odd'><div data-rel='slideshow-1' class='avia-slide-wrap '   ><div class='av-slideshow-caption av-l4emmpxq-8e12f178a0e5dced7276405a3a368718__0 caption_fullwidth caption_center caption_center_framed caption_framed'><div class=\"container caption_container\"><div class=\"slideshow_caption\"><div class=\"slideshow_inner_caption\"><div class=\"slideshow_align_caption\"><h2 class='avia-caption-title '  itemprop=\"name\" >Firmenprofil<\/h2><div class='avia-caption-content '  itemprop=\"description\" ><p>Erfahren Sie mehr \u00fcber uns<\/p>\n<\/div><\/div><\/div><\/div><\/div><\/div><img decoding=\"async\" fetchpriority=\"high\" class=\"wp-image-691 avia-img-lazy-loading-not-691\"  src=\"https:\/\/www.rentacarthessalonikiairport.com\/wp-content\/uploads\/2022\/06\/profil.webp\" width=\"1920\" height=\"500\" title='profil' alt=''  itemprop=\"thumbnailUrl\"  style='min-height:300px; min-width:1152px; ' srcset=\"https:\/\/www.rentacarthessalonikiairport.com\/wp-content\/uploads\/2022\/06\/profil.webp 1920w, https:\/\/www.rentacarthessalonikiairport.com\/wp-content\/uploads\/2022\/06\/profil-300x78.webp 300w, https:\/\/www.rentacarthessalonikiairport.com\/wp-content\/uploads\/2022\/06\/profil-1030x268.webp 1030w, https:\/\/www.rentacarthessalonikiairport.com\/wp-content\/uploads\/2022\/06\/profil-768x200.webp 768w, https:\/\/www.rentacarthessalonikiairport.com\/wp-content\/uploads\/2022\/06\/profil-1536x400.webp 1536w, https:\/\/www.rentacarthessalonikiairport.com\/wp-content\/uploads\/2022\/06\/profil-1500x391.webp 1500w, https:\/\/www.rentacarthessalonikiairport.com\/wp-content\/uploads\/2022\/06\/profil-705x184.webp 705w\" sizes=\"(max-width: 1920px) 100vw, 1920px\" \/><\/div><\/li><\/ul><\/div><\/div><div id='after_full_slider_1'  class='main_color av_default_container_wrap container_wrap fullsize'  ><div class='container av-section-cont-open' ><div class='template-page content  av-content-full alpha units'><div class='post-entry post-entry-type-page post-entry-1131'><div class='entry-content-wrapper clearfix'>\n<div  class='flex_column av-av_one_half-a961ec8c42a44a397321d1a2224da3ca av_one_half  avia-builder-el-1  el_after_av_slideshow_full  el_before_av_one_half  avia-builder-el-first  first flex_column_div  '     ><style type=\"text\/css\" data-created_by=\"avia_inline_auto\" id=\"style-css-av-av_image-08500fd15709bd00de64a394ad9c250c\">\n.avia-image-container.av-av_image-08500fd15709bd00de64a394ad9c250c img.avia_image{\nbox-shadow:none;\n}\n.avia-image-container.av-av_image-08500fd15709bd00de64a394ad9c250c .av-image-caption-overlay-center{\ncolor:#ffffff;\n}\n<\/style>\n<div  class='avia-image-container av-av_image-08500fd15709bd00de64a394ad9c250c av-styling- avia-align-center  avia-builder-el-2  avia-builder-el-no-sibling '   itemprop=\"image\" itemscope=\"itemscope\" itemtype=\"https:\/\/schema.org\/ImageObject\" ><div class=\"avia-image-container-inner\"><div class=\"avia-image-overlay-wrap\"><img decoding=\"async\" fetchpriority=\"high\" class='wp-image-3287 avia-img-lazy-loading-not-3287 avia_image ' src=\"https:\/\/www.rentacarthessalonikiairport.com\/wp-content\/uploads\/2024\/11\/\u03ba\u03b2\u03c9.jpg\" alt='\u03c0\u03c1\u03bf\u03c6\u03b9\u03bb rentacarthessalonikiairport' title='\u03ba\u03b2\u03c9'  height=\"650\" width=\"700\"  itemprop=\"thumbnailUrl\" srcset=\"https:\/\/www.rentacarthessalonikiairport.com\/wp-content\/uploads\/2024\/11\/\u03ba\u03b2\u03c9.jpg 700w, https:\/\/www.rentacarthessalonikiairport.com\/wp-content\/uploads\/2024\/11\/\u03ba\u03b2\u03c9-300x279.jpg 300w\" sizes=\"(max-width: 700px) 100vw, 700px\" \/><\/div><\/div><\/div><\/div>\n<div  class='flex_column av-av_one_half-e38f08a368d22f46ed35f78008f927bf av_one_half  avia-builder-el-3  el_after_av_one_half  el_before_av_one_half  flex_column_div  '     ><section  class='av_textblock_section av-m31sucsu-db67fe1e203240b956c4d5fe3ec84a0c '   itemscope=\"itemscope\" itemtype=\"https:\/\/schema.org\/CreativeWork\" ><div class='avia_textblock'  itemprop=\"text\" ><h2 style=\"text-align: center;\"><span style=\"color: #0000ff;\">Rent a Car Thessaloniki Airport \u2013 Mietwagen in Thessaloniki<\/span><\/h2>\n\n<style type=\"text\/css\" data-created_by=\"avia_inline_auto\" id=\"style-css-av-av_hr-94f4f5af12c1d4e5766e3561812b54a0\">\n#top .hr.av-av_hr-94f4f5af12c1d4e5766e3561812b54a0{\nmargin-top:20px;\nmargin-bottom:20px;\n}\n.hr.av-av_hr-94f4f5af12c1d4e5766e3561812b54a0 .hr-inner{\nwidth:250px;\n}\n<\/style>\n<div  class='hr av-av_hr-94f4f5af12c1d4e5766e3561812b54a0 hr-custom  avia-builder-el-5  avia-builder-el-no-sibling  hr-center hr-icon-no'><span class='hr-inner inner-border-av-border-fat'><span class=\"hr-inner-style\"><\/span><\/span><\/div>\n<h2 style=\"text-align: center;\"><span style=\"color: #0000ff;\">Ein paar Worte \u00fcber unser Profil:<\/span><\/h2>\n<p style=\"text-align: center;\">Die Rent a Car Thessaloniki Airport bietet ein umfassendes Dienstleistungsprofil, das auf die Bed\u00fcrfnisse von Reisenden und Besuchern in Thessaloniki abgestimmt ist. Unser Unternehmen ist auf die Vermietung von Autos spezialisiert und bietet hochwertigen Service mit dem Ziel, ein angenehmes und reibungsloses Erlebnis f\u00fcr unsere Kunden zu schaffen. Unser Profil zeichnet sich durch Zuverl\u00e4ssigkeit, Sicherheit und Unmittelbarkeit aus und hat seinen Sitz am Flughafen Makedonia, was es sowohl Touristen als auch Gesch\u00e4ftsreisenden erleichtert.<\/p>\n<p style=\"text-align: center;\">Das Profil von Rent a Car Thessaloniki Airport umfasst eine umfangreiche Flotte von Fahrzeugen, die alle Bed\u00fcrfnisse und Vorlieben abdeckt. Unser Angebot reicht von kleinen, wirtschaftlichen Autos f\u00fcr die Stadt bis hin zu Luxus- und Familienmodellen, SUVs und Vans f\u00fcr Gruppenreisen, und schafft ein Fahrzeugprofil, das jeden Reisenden bedienen kann. Jedes Fahrzeug wird regelm\u00e4\u00dfig gepr\u00fcft und gewartet, um Sicherheit und Zuverl\u00e4ssigkeit zu gew\u00e4hrleisten. Dar\u00fcber hinaus sind alle unsere Autos voll versichert, was unser Profil als ein Unternehmen st\u00e4rkt, das sich auf die Sicherheit seiner Kunden konzentriert.<\/p>\n<p style=\"text-align: center;\">Unser Profil hebt sich auch durch den hervorragenden Service hervor, den wir bieten, um unseren Kunden jeden Schritt des Prozesses zu erleichtern. Unser Personal ist hervorragend geschult und stets bereit, Fragen zu beantworten, Reiseberatung anzubieten und bei der Auswahl des passenden Fahrzeugs zu helfen. Mit dem Fokus auf pers\u00f6nliche Betreuung ist unser Profil darauf ausgelegt, jedem Kunden ein komfortables Erlebnis zu bieten.<\/p>\n<p style=\"text-align: center;\">Ein wichtiges Merkmal des Profils von Rent a Car Thessaloniki Airport ist die Flexibilit\u00e4t bei der Abholung und R\u00fcckgabe der Fahrzeuge. Wir bieten unseren Kunden die M\u00f6glichkeit, das Fahrzeug direkt am Flughafen oder von einem anderen Ort in Thessaloniki abzuholen, um ihren Bed\u00fcrfnissen gerecht zu werden. Diese Flexibilit\u00e4t verst\u00e4rkt unser Profil als ein Unternehmen, das sich an den Kunden anpasst und dessen Mobilit\u00e4t ohne zus\u00e4tzliche Unannehmlichkeiten erleichtert.<\/p>\n<\/div><\/section><\/div>\n<div  class='flex_column av-av_one_half-a961ec8c42a44a397321d1a2224da3ca av_one_half  avia-builder-el-6  el_after_av_one_half  el_before_av_one_half  first flex_column_div  column-top-margin'     ><section  class='av_textblock_section av-m31svo0f-32aed654682c229074bfdb45e7f051b2 '   itemscope=\"itemscope\" itemtype=\"https:\/\/schema.org\/CreativeWork\" ><div class='avia_textblock'  itemprop=\"text\" ><h2 style=\"text-align: center;\"><span style=\"color: #0000ff;\"><strong>Warum sollten Sie uns w\u00e4hlen?<\/strong><\/span><\/h2>\n\n<style type=\"text\/css\" data-created_by=\"avia_inline_auto\" id=\"style-css-av-av_hr-94f4f5af12c1d4e5766e3561812b54a0\">\n#top .hr.av-av_hr-94f4f5af12c1d4e5766e3561812b54a0{\nmargin-top:20px;\nmargin-bottom:20px;\n}\n.hr.av-av_hr-94f4f5af12c1d4e5766e3561812b54a0 .hr-inner{\nwidth:250px;\n}\n<\/style>\n<div  class='hr av-av_hr-94f4f5af12c1d4e5766e3561812b54a0 hr-custom  avia-builder-el-8  avia-builder-el-no-sibling  hr-center hr-icon-no'><span class='hr-inner inner-border-av-border-fat'><span class=\"hr-inner-style\"><\/span><\/span><\/div>\n<p style=\"text-align: center;\">Das Profil von Rent a Car Thessaloniki Airport spiegelt ein Unternehmen wider, das die Bed\u00fcrfnisse der Kunden in den Vordergrund stellt, indem es hochwertige Mietwagenservices mit wettbewerbsf\u00e4higen Preisen und einfachen Prozessen kombiniert. Egal, ob Sie einen kurzen Besuch oder einen l\u00e4ngeren Aufenthalt in Thessaloniki planen, unser Unternehmen ist bereit, Ihre Bed\u00fcrfnisse mit Professionalit\u00e4t, Zuverl\u00e4ssigkeit und Liebe zum Detail zu erf\u00fcllen.<\/p>\n<p style=\"text-align: center;\">Wir bieten auch wettbewerbsf\u00e4hige Preise, die klare Geb\u00fchren ohne versteckte Kosten umfassen. Unser Engagement f\u00fcr Transparenz schafft Vertrauen bei unseren Kunden, w\u00e4hrend wir verschiedene Pakete und Angebote bereitstellen, die die Anmietung noch erschwinglicher machen. Es ist ein grundlegender Bestandteil unserer Philosophie, genau zu wissen, was Sie bezahlen und welche Dienstleistungen Sie erhalten.<\/p>\n<p style=\"text-align: center;\">Als Unternehmen mit Sitz in Thessaloniki kennen wir die Region gut und k\u00f6nnen Ihnen n\u00fctzliche Informationen \u00fcber Sehensw\u00fcrdigkeiten, Routen und interessante Orte anbieten. Wir sind stolz darauf, die lokale Gemeinschaft zu unterst\u00fctzen und unsere Liebe zu Nordgriechenland mit unseren Kunden zu teilen.<\/p>\n<p style=\"text-align: center;\">Wenn Sie mehr \u00fcber unser Profil erfahren m\u00f6chten, z\u00f6gern Sie nicht, uns zu kontaktieren. Rent a Car Thessaloniki Airport ist hier, um Ihnen das beste Mieterlebnis in Thessaloniki zu bieten, mit einem Profil, das sich durch Zuverl\u00e4ssigkeit, Qualit\u00e4t und Engagement f\u00fcr die Kundenbetreuung auszeichnet.<\/p>\n<\/div><\/section><\/div>\n<div  class='flex_column av-av_one_half-e38f08a368d22f46ed35f78008f927bf av_one_half  avia-builder-el-9  el_after_av_one_half  el_before_av_one_full  flex_column_div  column-top-margin'     ><style type=\"text\/css\" data-created_by=\"avia_inline_auto\" id=\"style-css-av-av_image-022c1d900a8c60c7c5b9e6ac520b53e0\">\n.avia-image-container.av-av_image-022c1d900a8c60c7c5b9e6ac520b53e0 img.avia_image{\nbox-shadow:none;\n}\n.avia-image-container.av-av_image-022c1d900a8c60c7c5b9e6ac520b53e0 .av-image-caption-overlay-center{\ncolor:#ffffff;\n}\n<\/style>\n<div  class='avia-image-container av-av_image-022c1d900a8c60c7c5b9e6ac520b53e0 av-styling- avia-align-left  avia-builder-el-10  avia-builder-el-no-sibling '   itemprop=\"image\" itemscope=\"itemscope\" itemtype=\"https:\/\/schema.org\/ImageObject\" ><div class=\"avia-image-container-inner\"><div class=\"avia-image-overlay-wrap\"><img decoding=\"async\" fetchpriority=\"high\" class='wp-image-3294 avia-img-lazy-loading-not-3294 avia_image ' src=\"https:\/\/www.rentacarthessalonikiairport.com\/wp-content\/uploads\/2024\/11\/\u03c0\u03c1\u03bf\u03c6\u03b9\u03bb.jpg\" alt='\u03c0\u03c1\u03bf\u03c6\u03b9\u03bb' title='\u03c0\u03c1\u03bf\u03c6\u03b9\u03bb'  height=\"650\" width=\"700\"  itemprop=\"thumbnailUrl\" srcset=\"https:\/\/www.rentacarthessalonikiairport.com\/wp-content\/uploads\/2024\/11\/\u03c0\u03c1\u03bf\u03c6\u03b9\u03bb.jpg 700w, https:\/\/www.rentacarthessalonikiairport.com\/wp-content\/uploads\/2024\/11\/\u03c0\u03c1\u03bf\u03c6\u03b9\u03bb-300x279.jpg 300w\" sizes=\"(max-width: 700px) 100vw, 700px\" \/><\/div><\/div><\/div><\/div>\n\n<style type=\"text\/css\" data-created_by=\"avia_inline_auto\" id=\"style-css-av-av_one_full-207df06477e8538db8a626b49e593096\">\n.flex_column.av-av_one_full-207df06477e8538db8a626b49e593096{\nborder-width:8px;\nborder-color:#0a85ff;\nborder-style:solid;\nborder-radius:10px 10px 10px 10px;\n}\n<\/style>\n<div  class='flex_column av-av_one_full-207df06477e8538db8a626b49e593096 av_one_full  avia-builder-el-11  el_after_av_one_half  el_before_av_one_fourth  first flex_column_div  column-top-margin'     ><style type=\"text\/css\" data-created_by=\"avia_inline_auto\" id=\"style-css-av-m3lkd56t-fe5f7ec1bb09301cec29ca6e2b2b4b14\">\n#top .av_textblock_section.av-m3lkd56t-fe5f7ec1bb09301cec29ca6e2b2b4b14 .avia_textblock{\ncolor:#0a85ff;\n}\n<\/style>\n<section  class='av_textblock_section av-m3lkd56t-fe5f7ec1bb09301cec29ca6e2b2b4b14 '   itemscope=\"itemscope\" itemtype=\"https:\/\/schema.org\/CreativeWork\" ><div class='avia_textblock av_inherit_color'  itemprop=\"text\" ><h3 style=\"text-align: center;\"><span style=\"color: #0a85ff;\"><strong>Zusammenfassung des Unternehmensprofils f\u00fcr Autovermietung am Flughafen Thessaloniki Makedonien SKG<\/strong><\/span><\/h3>\n<\/div><\/section><\/div>\n<style type=\"text\/css\" data-created_by=\"avia_inline_auto\" id=\"style-css-av-av_one_fourth-4ea08c3346e40cc10fcb4f8d1d3e7681\">\n.flex_column.av-av_one_fourth-4ea08c3346e40cc10fcb4f8d1d3e7681{\nborder-radius:10px 10px 10px 10px;\npadding:40px 0 20px 0;\nbackground-color:rgba(10,133,255,0.83);\n}\n<\/style>\n<div  class='flex_column av-av_one_fourth-4ea08c3346e40cc10fcb4f8d1d3e7681 av_one_fourth  avia-builder-el-13  el_after_av_one_full  el_before_av_one_fourth  first flex_column_div  column-top-margin'     ><section  class='av_textblock_section av-m3lkdkas-edfb3262cf98387b85ffa4d8d5ede5bc '   itemscope=\"itemscope\" itemtype=\"https:\/\/schema.org\/CreativeWork\" ><div class='avia_textblock'  itemprop=\"text\" ><h2 style=\"text-align: center;\"><strong><span style=\"color: #ffffff;\">65.320+<\/span><\/strong><\/h2>\n<h3 style=\"text-align: center;\"><strong><span style=\"color: #ffffff;\">ZUFRIEDENE KUNDEN<\/span><\/strong><\/h3>\n<\/div><\/section><\/div>\n<style type=\"text\/css\" data-created_by=\"avia_inline_auto\" id=\"style-css-av-av_one_fourth-6351c9af3713d5204333540aaafe5598\">\n.flex_column.av-av_one_fourth-6351c9af3713d5204333540aaafe5598{\nborder-radius:10px 10px 10px 10px;\npadding:40px 0 20px 0;\nbackground-color:rgba(10,133,255,0.83);\n}\n<\/style>\n<div  class='flex_column av-av_one_fourth-6351c9af3713d5204333540aaafe5598 av_one_fourth  avia-builder-el-15  el_after_av_one_fourth  el_before_av_one_fourth  flex_column_div  column-top-margin'     ><section  class='av_textblock_section av-m3lke3s6-b73c2ecd6264e2d098e75502f97cd452 '   itemscope=\"itemscope\" itemtype=\"https:\/\/schema.org\/CreativeWork\" ><div class='avia_textblock'  itemprop=\"text\" ><h2 style=\"text-align: center;\"><strong><span style=\"color: #ffffff;\">280+<\/span><\/strong><\/h2>\n<h3 style=\"text-align: center;\"><strong><span style=\"color: #ffffff;\">SICHERE AUTOS<\/span><\/strong><\/h3>\n<\/div><\/section><\/div>\n<style type=\"text\/css\" data-created_by=\"avia_inline_auto\" id=\"style-css-av-av_one_fourth-6351c9af3713d5204333540aaafe5598\">\n.flex_column.av-av_one_fourth-6351c9af3713d5204333540aaafe5598{\nborder-radius:10px 10px 10px 10px;\npadding:40px 0 20px 0;\nbackground-color:rgba(10,133,255,0.83);\n}\n<\/style>\n<div  class='flex_column av-av_one_fourth-6351c9af3713d5204333540aaafe5598 av_one_fourth  avia-builder-el-17  el_after_av_one_fourth  el_before_av_one_fourth  flex_column_div  column-top-margin'     ><section  class='av_textblock_section av-m3lkf6ec-6903b5007c09b6d532aaf59699c9d0b1 '   itemscope=\"itemscope\" itemtype=\"https:\/\/schema.org\/CreativeWork\" ><div class='avia_textblock'  itemprop=\"text\" ><h2 style=\"text-align: center;\"><strong><span style=\"color: #ffffff;\">5.780+<\/span><\/strong><\/h2>\n<h3 style=\"text-align: center;\"><strong><span style=\"color: #ffffff;\">TAGE ERFAHRUNG<\/span><\/strong><\/h3>\n<\/div><\/section><\/div>\n<style type=\"text\/css\" data-created_by=\"avia_inline_auto\" id=\"style-css-av-av_one_fourth-6351c9af3713d5204333540aaafe5598\">\n.flex_column.av-av_one_fourth-6351c9af3713d5204333540aaafe5598{\nborder-radius:10px 10px 10px 10px;\npadding:40px 0 20px 0;\nbackground-color:rgba(10,133,255,0.83);\n}\n<\/style>\n<div  class='flex_column av-av_one_fourth-6351c9af3713d5204333540aaafe5598 av_one_fourth  avia-builder-el-19  el_after_av_one_fourth  avia-builder-el-last  flex_column_div  column-top-margin'     ><section  class='av_textblock_section av-m3lkglxp-43660895d3b0b99e0a5004d115390160 '   itemscope=\"itemscope\" itemtype=\"https:\/\/schema.org\/CreativeWork\" ><div class='avia_textblock'  itemprop=\"text\" ><h2 style=\"text-align: center;\"><strong><span style=\"color: #ffffff;\">9.9<\/span><\/strong><\/h2>\n<h3 style=\"text-align: center;\"><strong><span style=\"color: #ffffff;\">KUNDENSERVICE<\/span><\/strong><\/h3>\n<\/div><\/section><\/div><\/p>\n","protected":false},"excerpt":{"rendered":"","protected":false},"author":6,"featured_media":0,"parent":0,"menu_order":0,"comment_status":"closed","ping_status":"closed","template":"","meta":{"footnotes":""},"class_list":["post-1131","page","type-page","status-publish","hentry"],"_links":{"self":[{"href":"https:\/\/www.rentacarthessalonikiairport.com\/de\/wp-json\/wp\/v2\/pages\/1131","targetHints":{"allow":["GET"]}}],"collection":[{"href":"https:\/\/www.rentacarthessalonikiairport.com\/de\/wp-json\/wp\/v2\/pages"}],"about":[{"href":"https:\/\/www.rentacarthessalonikiairport.com\/de\/wp-json\/wp\/v2\/types\/page"}],"author":[{"embeddable":true,"href":"https:\/\/www.rentacarthessalonikiairport.com\/de\/wp-json\/wp\/v2\/users\/6"}],"replies":[{"embeddable":true,"href":"https:\/\/www.rentacarthessalonikiairport.com\/de\/wp-json\/wp\/v2\/comments?post=1131"}],"version-history":[{"count":11,"href":"https:\/\/www.rentacarthessalonikiairport.com\/de\/wp-json\/wp\/v2\/pages\/1131\/revisions"}],"predecessor-version":[{"id":3472,"href":"https:\/\/www.rentacarthessalonikiairport.com\/de\/wp-json\/wp\/v2\/pages\/1131\/revisions\/3472"}],"wp:attachment":[{"href":"https:\/\/www.rentacarthessalonikiairport.com\/de\/wp-json\/wp\/v2\/media?parent=1131"}],"curies":[{"name":"wp","href":"https:\/\/api.w.org\/{rel}","templated":true}]}}